{"id":529,"date":"2024-11-18T23:18:10","date_gmt":"2024-11-18T22:18:10","guid":{"rendered":"https:\/\/brazentellurite.eu\/?page_id=529"},"modified":"2024-11-18T23:18:10","modified_gmt":"2024-11-18T22:18:10","slug":"la-charte-des-liens-sociaux","status":"publish","type":"page","link":"https:\/\/brazentellurite.eu\/fr\/la-charte-des-liens-sociaux\/","title":{"rendered":"SozialbindungsCharta"},"content":{"rendered":"<p>Nous sommes d'avis qu'un r\u00e9seau social n'est pas une entreprise. Il ne peut en aucun cas rapporter des b\u00e9n\u00e9fices.<\/p>\n\n\n\n<p>Als Rechtsanwaltskanzlei k\u00f6nnen wir nach der aktuellen Rechtslage aber leider die Gemeinn\u00fctzigkeit nicht erhalten. Unsere Hoffnungen auf eine gro\u00dfe Reform des deutschen Gemeinn\u00fctzigkeitsrechts, die das h\u00e4tte erm\u00f6glichen k\u00f6nnen, haben sich in der 20. Legislaturperiode des Deutschen Bundestages leider nicht erf\u00fcllt. <\/p>\n\n\n\n<p>\u00c0 partir de ce principe, nous nous sommes <strong>unsere SozialbindungsCharta<\/strong> gegeben <\/p>\n\n\n\n<ul class=\"wp-block-list\">\n<li>100% das Stammkapitals bleiben im Unternehmen.<\/li>\n\n\n\n<li>100% der Gewinne werden an gemeinn\u00fctzige Einrichtungen gespendet.<\/li>\n\n\n\n<li>Die Verg\u00fctung der Gesch\u00e4ftsf\u00fchrung d\u00fcrfen das 2,5-fache der Rechtsanwaltsfachangestellten nicht \u00fcbersteigen.<\/li>\n\n\n\n<li>Die Geh\u00e4lter der Rechtsanw\u00e4lte:innen d\u00fcrfen das 2,0-fache der Rechtsanwaltsfachangestellten nicht \u00fcbersteigen.<\/li>\n\n\n\n<li>L'objectif que nous nous sommes fix\u00e9 se situe au maximum \u00e0 30% par rapport au plafond l\u00e9gal.<\/li>\n\n\n\n<li>Il n'y a pas de trains de banlieue, mais des trains de banlieue et des BahnCards.<\/li>\n<\/ul>\n\n\n\n<p>Nous consid\u00e9rons que l'application de ces principes fondamentaux doit se faire \u00e0 une \u00e9chelle unique. <\/p>\n\n\n\n<p><\/p>","protected":false},"excerpt":{"rendered":"<p>Wir meinen, eine Sozialkanzlei ist kein Unternehmen. Es sollte vor allem keine Gewinne machen m\u00fcssen. Als Rechtsanwaltskanzlei k\u00f6nnen wir nach der aktuellen Rechtslage aber leider die Gemeinn\u00fctzigkeit nicht erhalten. Unsere Hoffnungen auf eine gro\u00dfe Reform des deutschen Gemeinn\u00fctzigkeitsrechts, die das h\u00e4tte erm\u00f6glichen k\u00f6nnen, haben sich in der 20. Legislaturperiode des Deutschen Bundestages leider nicht erf\u00fcllt. [&hellip;]<\/p>\n","protected":false},"author":1,"featured_media":0,"parent":0,"menu_order":0,"comment_status":"closed","ping_status":"closed","template":"","meta":{"footnotes":""},"class_list":["post-529","page","type-page","status-publish","hentry"],"yoast_head":"<!-- This site is optimized with the Yoast SEO plugin v26.2 - https:\/\/yoast.com\/wordpress\/plugins\/seo\/ -->\n<title>SozialbindungsCharta - BrazenTellurite.io<\/title>\n<meta name=\"robots\" content=\"index, follow, max-snippet:-1, max-image-preview:large, max-video-preview:-1\" \/>\n<link rel=\"canonical\" href=\"https:\/\/brazentellurite.eu\/fr\/la-charte-des-liens-sociaux\/\" \/>\n<meta property=\"og:locale\" content=\"fr_FR\" \/>\n<meta property=\"og:type\" content=\"article\" \/>\n<meta property=\"og:title\" content=\"SozialbindungsCharta - BrazenTellurite.io\" \/>\n<meta property=\"og:description\" content=\"Wir meinen, eine Sozialkanzlei ist kein Unternehmen. Es sollte vor allem keine Gewinne machen m\u00fcssen. Als Rechtsanwaltskanzlei k\u00f6nnen wir nach der aktuellen Rechtslage aber leider die Gemeinn\u00fctzigkeit nicht erhalten. Unsere Hoffnungen auf eine gro\u00dfe Reform des deutschen Gemeinn\u00fctzigkeitsrechts, die das h\u00e4tte erm\u00f6glichen k\u00f6nnen, haben sich in der 20. Legislaturperiode des Deutschen Bundestages leider nicht erf\u00fcllt. [&hellip;]\" \/>\n<meta property=\"og:url\" content=\"https:\/\/brazentellurite.eu\/fr\/la-charte-des-liens-sociaux\/\" \/>\n<meta property=\"og:site_name\" content=\"BrazenTellurite.io\" \/>\n<meta name=\"twitter:card\" content=\"summary_large_image\" \/>\n<meta name=\"twitter:label1\" content=\"Dur\u00e9e de lecture estim\u00e9e\" \/>\n\t<meta name=\"twitter:data1\" content=\"1 minute\" \/>\n<script type=\"application\/ld+json\" class=\"yoast-schema-graph\">{\"@context\":\"https:\/\/schema.org\",\"@graph\":[{\"@type\":\"WebPage\",\"@id\":\"https:\/\/brazentellurite.eu\/sozialbindungscharta\/\",\"url\":\"https:\/\/brazentellurite.eu\/sozialbindungscharta\/\",\"name\":\"SozialbindungsCharta - BrazenTellurite.io\",\"isPartOf\":{\"@id\":\"https:\/\/brazentellurite.eu\/en\/#website\"},\"datePublished\":\"2024-11-18T22:18:10+00:00\",\"breadcrumb\":{\"@id\":\"https:\/\/brazentellurite.eu\/sozialbindungscharta\/#breadcrumb\"},\"inLanguage\":\"fr-FR\",\"potentialAction\":[{\"@type\":\"ReadAction\",\"target\":[\"https:\/\/brazentellurite.eu\/sozialbindungscharta\/\"]}]},{\"@type\":\"BreadcrumbList\",\"@id\":\"https:\/\/brazentellurite.eu\/sozialbindungscharta\/#breadcrumb\",\"itemListElement\":[{\"@type\":\"ListItem\",\"position\":1,\"name\":\"Home\",\"item\":\"https:\/\/brazentellurite.eu\/en\/\"},{\"@type\":\"ListItem\",\"position\":2,\"name\":\"SozialbindungsCharta\"}]},{\"@type\":\"WebSite\",\"@id\":\"https:\/\/brazentellurite.eu\/en\/#website\",\"url\":\"https:\/\/brazentellurite.eu\/en\/\",\"name\":\"BrazenTellurite.io\",\"description\":\"\",\"publisher\":{\"@id\":\"https:\/\/brazentellurite.eu\/en\/#organization\"},\"potentialAction\":[{\"@type\":\"SearchAction\",\"target\":{\"@type\":\"EntryPoint\",\"urlTemplate\":\"https:\/\/brazentellurite.eu\/en\/?s={search_term_string}\"},\"query-input\":{\"@type\":\"PropertyValueSpecification\",\"valueRequired\":true,\"valueName\":\"search_term_string\"}}],\"inLanguage\":\"fr-FR\"},{\"@type\":\"Organization\",\"@id\":\"https:\/\/brazentellurite.eu\/en\/#organization\",\"name\":\"BrazenTellurite.io\",\"url\":\"https:\/\/brazentellurite.eu\/en\/\",\"logo\":{\"@type\":\"ImageObject\",\"inLanguage\":\"fr-FR\",\"@id\":\"https:\/\/brazentellurite.eu\/en\/#\/schema\/logo\/image\/\",\"url\":\"https:\/\/brazentellurite.eu\/wp-content\/uploads\/2024\/11\/logo_temion.png\",\"contentUrl\":\"https:\/\/brazentellurite.eu\/wp-content\/uploads\/2024\/11\/logo_temion.png\",\"width\":500,\"height\":115,\"caption\":\"BrazenTellurite.io\"},\"image\":{\"@id\":\"https:\/\/brazentellurite.eu\/en\/#\/schema\/logo\/image\/\"}}]}<\/script>\n<!-- \/ Yoast SEO plugin. -->","yoast_head_json":{"title":"SozialbindungsCharta - BrazenTellurite.io","robots":{"index":"index","follow":"follow","max-snippet":"max-snippet:-1","max-image-preview":"max-image-preview:large","max-video-preview":"max-video-preview:-1"},"canonical":"https:\/\/brazentellurite.eu\/fr\/la-charte-des-liens-sociaux\/","og_locale":"fr_FR","og_type":"article","og_title":"SozialbindungsCharta - BrazenTellurite.io","og_description":"Wir meinen, eine Sozialkanzlei ist kein Unternehmen. Es sollte vor allem keine Gewinne machen m\u00fcssen. Als Rechtsanwaltskanzlei k\u00f6nnen wir nach der aktuellen Rechtslage aber leider die Gemeinn\u00fctzigkeit nicht erhalten. Unsere Hoffnungen auf eine gro\u00dfe Reform des deutschen Gemeinn\u00fctzigkeitsrechts, die das h\u00e4tte erm\u00f6glichen k\u00f6nnen, haben sich in der 20. Legislaturperiode des Deutschen Bundestages leider nicht erf\u00fcllt. [&hellip;]","og_url":"https:\/\/brazentellurite.eu\/fr\/la-charte-des-liens-sociaux\/","og_site_name":"BrazenTellurite.io","twitter_card":"summary_large_image","twitter_misc":{"Dur\u00e9e de lecture estim\u00e9e":"1 minute"},"schema":{"@context":"https:\/\/schema.org","@graph":[{"@type":"WebPage","@id":"https:\/\/brazentellurite.eu\/sozialbindungscharta\/","url":"https:\/\/brazentellurite.eu\/sozialbindungscharta\/","name":"SozialbindungsCharta - BrazenTellurite.io","isPartOf":{"@id":"https:\/\/brazentellurite.eu\/en\/#website"},"datePublished":"2024-11-18T22:18:10+00:00","breadcrumb":{"@id":"https:\/\/brazentellurite.eu\/sozialbindungscharta\/#breadcrumb"},"inLanguage":"fr-FR","potentialAction":[{"@type":"ReadAction","target":["https:\/\/brazentellurite.eu\/sozialbindungscharta\/"]}]},{"@type":"BreadcrumbList","@id":"https:\/\/brazentellurite.eu\/sozialbindungscharta\/#breadcrumb","itemListElement":[{"@type":"ListItem","position":1,"name":"Home","item":"https:\/\/brazentellurite.eu\/en\/"},{"@type":"ListItem","position":2,"name":"SozialbindungsCharta"}]},{"@type":"WebSite","@id":"https:\/\/brazentellurite.eu\/en\/#website","url":"https:\/\/brazentellurite.eu\/en\/","name":"BrazenTellurite.io","description":"","publisher":{"@id":"https:\/\/brazentellurite.eu\/en\/#organization"},"potentialAction":[{"@type":"SearchAction","target":{"@type":"EntryPoint","urlTemplate":"https:\/\/brazentellurite.eu\/en\/?s={search_term_string}"},"query-input":{"@type":"PropertyValueSpecification","valueRequired":true,"valueName":"search_term_string"}}],"inLanguage":"fr-FR"},{"@type":"Organization","@id":"https:\/\/brazentellurite.eu\/en\/#organization","name":"BrazenTellurite.io","url":"https:\/\/brazentellurite.eu\/en\/","logo":{"@type":"ImageObject","inLanguage":"fr-FR","@id":"https:\/\/brazentellurite.eu\/en\/#\/schema\/logo\/image\/","url":"https:\/\/brazentellurite.eu\/wp-content\/uploads\/2024\/11\/logo_temion.png","contentUrl":"https:\/\/brazentellurite.eu\/wp-content\/uploads\/2024\/11\/logo_temion.png","width":500,"height":115,"caption":"BrazenTellurite.io"},"image":{"@id":"https:\/\/brazentellurite.eu\/en\/#\/schema\/logo\/image\/"}}]}},"_links":{"self":[{"href":"https:\/\/brazentellurite.eu\/fr\/wp-json\/wp\/v2\/pages\/529","targetHints":{"allow":["GET"]}}],"collection":[{"href":"https:\/\/brazentellurite.eu\/fr\/wp-json\/wp\/v2\/pages"}],"about":[{"href":"https:\/\/brazentellurite.eu\/fr\/wp-json\/wp\/v2\/types\/page"}],"author":[{"embeddable":true,"href":"https:\/\/brazentellurite.eu\/fr\/wp-json\/wp\/v2\/users\/1"}],"replies":[{"embeddable":true,"href":"https:\/\/brazentellurite.eu\/fr\/wp-json\/wp\/v2\/comments?post=529"}],"version-history":[{"count":1,"href":"https:\/\/brazentellurite.eu\/fr\/wp-json\/wp\/v2\/pages\/529\/revisions"}],"predecessor-version":[{"id":530,"href":"https:\/\/brazentellurite.eu\/fr\/wp-json\/wp\/v2\/pages\/529\/revisions\/530"}],"wp:attachment":[{"href":"https:\/\/brazentellurite.eu\/fr\/wp-json\/wp\/v2\/media?parent=529"}],"curies":[{"name":"wp","href":"https:\/\/api.w.org\/{rel}","templated":true}]}}